{"version":"1.0","provider_name":"Weltladen Alzey e.V.","provider_url":"https:\/\/weltlaeden.de\/alzey","title":"\u00dcber uns - Weltladen Alzey e.V.","type":"rich","width":600,"height":338,"html":"<blockquote class=\"wp-embedded-content\" data-secret=\"qyQhLlqsoN\"><a href=\"https:\/\/weltlaeden.de\/alzey\/ueber-uns\/\">\u00dcber uns<\/a><\/blockquote><iframe sandbox=\"allow-scripts\" security=\"restricted\" src=\"https:\/\/weltlaeden.de\/alzey\/ueber-uns\/embed\/#?secret=qyQhLlqsoN\" width=\"600\" height=\"338\" title=\"&#8222;\u00dcber uns&#8220; &#8211; Weltladen Alzey e.V.\" data-secret=\"qyQhLlqsoN\" frameborder=\"0\" marginwidth=\"0\" marginheight=\"0\" scrolling=\"no\" class=\"wp-embedded-content\"><\/iframe><script>\n\/*! This file is auto-generated *\/\n!function(d,l){\"use strict\";l.querySelector&&d.addEventListener&&\"undefined\"!=typeof URL&&(d.wp=d.wp||{},d.wp.receiveEmbedMessage||(d.wp.receiveEmbedMessage=function(e){var t=e.data;if((t||t.secret||t.message||t.value)&&!\/[^a-zA-Z0-9]\/.test(t.secret)){for(var s,r,n,a=l.querySelectorAll('iframe[data-secret=\"'+t.secret+'\"]'),o=l.querySelectorAll('blockquote[data-secret=\"'+t.secret+'\"]'),c=new RegExp(\"^https?:$\",\"i\"),i=0;i<o.length;i++)o[i].style.display=\"none\";for(i=0;i<a.length;i++)s=a[i],e.source===s.contentWindow&&(s.removeAttribute(\"style\"),\"height\"===t.message?(1e3<(r=parseInt(t.value,10))?r=1e3:~~r<200&&(r=200),s.height=r):\"link\"===t.message&&(r=new URL(s.getAttribute(\"src\")),n=new URL(t.value),c.test(n.protocol))&&n.host===r.host&&l.activeElement===s&&(d.top.location.href=t.value))}},d.addEventListener(\"message\",d.wp.receiveEmbedMessage,!1),l.addEventListener(\"DOMContentLoaded\",function(){for(var e,t,s=l.querySelectorAll(\"iframe.wp-embedded-content\"),r=0;r<s.length;r++)(t=(e=s[r]).getAttribute(\"data-secret\"))||(t=Math.random().toString(36).substring(2,12),e.src+=\"#?secret=\"+t,e.setAttribute(\"data-secret\",t)),e.contentWindow.postMessage({message:\"ready\",secret:t},\"*\")},!1)))}(window,document);\n<\/script>\n","thumbnail_url":"https:\/\/weltlaeden.de\/alzey\/wp-content\/uploads\/sites\/39\/2025\/12\/WhatsApp-Bild-2025-12-03-um-21.20.28_f17ff56b.jpg","thumbnail_width":1600,"thumbnail_height":1200,"description":"[vc_row][vc_column][vc_empty_space][vc_column_text] \u00dcber den Weltladen Alzey [\/vc_column_text][vc_column_text]Seit mehr als 40 Jahren besteht unser Weltladen. Ab 1992 als Verein. Die Gr\u00fcndungsmitglieder aus dem katholischen Jugendumfeld wollten eine Br\u00fccke schlagen zu den Menschen in den Entwicklungsl\u00e4ndern. Damals wie heute besteht unsere Arbeit nicht nur im Verkauf fair gehandelter Waren, sondern auch in der Bewusstseinsbildung f\u00fcr ein faires, gerechtes&hellip;"}